{"id":18295,"date":"2024-02-19T12:25:01","date_gmt":"2024-02-19T12:25:01","guid":{"rendered":"https:\/\/interior360.io\/?page_id=18295"},"modified":"2024-10-25T10:00:15","modified_gmt":"2024-10-25T10:00:15","slug":"portfolio-en","status":"publish","type":"page","link":"https:\/\/interior360.io\/en\/portfolio-en\/","title":{"rendered":"Portfolio"},"content":{"rendered":"\t\t<div data-elementor-type=\"wp-page\" data-elementor-id=\"18295\" class=\"elementor elementor-18295 elementor-10935\">\n\t\t\t\t<div class=\"elementor-element elementor-element-a62db02 elementor-hidden-mobile_extra elementor-hidden-mobile e-flex e-con-boxed e-con e-parent\" data-id=\"a62db02\" data-element_type=\"container\" data-settings=\"{&quot;wcf_enable_cursor_hover_effect_text&quot;:&quot;View&quot;,&quot;wcf-animation&quot;:&quot;none&quot;,&quot;wcf_pin_breakpoint&quot;:&quot;mobile&quot;}\">\n\t\t\t\t\t<div class=\"e-con-inner\">\n\t\t<div class=\"elementor-element elementor-element-2bb0e1b e-con-full e-flex e-con e-child\" data-id=\"2bb0e1b\" data-element_type=\"container\" data-settings=\"{&quot;wcf_enable_cursor_hover_effect_text&quot;:&quot;View&quot;,&quot;wcf-animation&quot;:&quot;none&quot;,&quot;wcf_pin_breakpoint&quot;:&quot;mobile&quot;}\">\n\t\t\t\t<div class=\"elementor-element elementor-element-8445f9d portfolio_v1 elementor-widget elementor-widget-wcf--a-portfolio\" data-id=\"8445f9d\" data-element_type=\"widget\" data-settings=\"{&quot;wcf_enable_cursor_hover_effect&quot;:&quot;yes&quot;,&quot;wcf_enable_cursor_hover_effect_editor&quot;:&quot;yes&quot;,&quot;wcf_enable_cursor_hover_effect_text&quot;:&quot;View &lt;br&gt; project&quot;,&quot;wcf-animation&quot;:&quot;none&quot;}\" data-widget_type=\"wcf--a-portfolio.skin-portfolio-nine\">\n\t\t\t\t<div class=\"elementor-widget-container\">\n\t\t\t        <div class=\"wcf--advance-portfolio skin-portfolio-nine\" data-animation-settings=\"{&quot;skin&quot;:&quot;skin-portfolio-nine&quot;}\">\r\n\t\t\t        <div class=\"widget_header\">\r\n\t                <h2 class=\"section-title\">\r\n\t\t<span>Recent projects <\/span><br>Portfolio        <\/h2>\r\n\t\t\t                <div class=\"section-desc\">\r\n\t\t\t<span><\/span>Browse our references and discover <br> the various  interior styles we can offer you.        <\/div>\r\n\t\t                    <div class=\"post-pagination\">\r\n            <span class=\"current\">1<\/span>\r\n            <span class=\"total\">07<\/span>\r\n        <\/div>\r\n\t\t        <\/div>\r\n                    <div class=\"posts-list\">\r\n\t\t\t\t        <article class=\"item\">\r\n            <div class=\"thumb\" data-speed=\"0.4\" data-lag=\"0\">\r\n\t\t\t\t\t\t<a href=\"https:\/\/interior360.io\/en\/portfolio_en\/minimalist-style-in-the-duet-soncni-golovec-residence\/\">\r\n\t\t\t<img fetchpriority=\"high\" decoding=\"async\" width=\"1440\" height=\"1080\" src=\"https:\/\/interior360.io\/wp-content\/uploads\/2024\/07\/E2_livingroom-1-e1721638108596.png\" class=\"attachment-full size-full wp-post-image\" alt=\"\" srcset=\"https:\/\/interior360.io\/wp-content\/uploads\/2024\/07\/E2_livingroom-1-e1721638108596.png 1440w, https:\/\/interior360.io\/wp-content\/uploads\/2024\/07\/E2_livingroom-1-e1721638108596-300x225.png 300w, https:\/\/interior360.io\/wp-content\/uploads\/2024\/07\/E2_livingroom-1-e1721638108596-1024x768.png 1024w, https:\/\/interior360.io\/wp-content\/uploads\/2024\/07\/E2_livingroom-1-e1721638108596-768x576.png 768w\" sizes=\"(max-width: 1440px) 100vw, 1440px\" \/>        <\/a>\r\n\t\t            <\/div>\r\n            <div class=\"content\">\r\n\t\t        \t\t<h3 class=\"title\">\r\n            <a href=\"https:\/\/interior360.io\/en\/portfolio_en\/minimalist-style-in-the-duet-soncni-golovec-residence\/\">Minimalist Style in the Duet Son\u010dni Golovec Residence<\/a>\r\n        <\/h3>\r\n\t\t        <div class=\"date\">October 17, 2024<\/div>\r\n\t\t            <\/div>\r\n        <\/article>\r\n\t\t        <article class=\"item\">\r\n            <div class=\"thumb\" data-speed=\"0.4\" data-lag=\"0\">\r\n\t\t\t\t\t\t<a href=\"https:\/\/interior360.io\/en\/portfolio_en\/modern-style-in-the-duet-soncni-golovec-residence\/\">\r\n\t\t\t<img decoding=\"async\" width=\"1440\" height=\"1080\" src=\"https:\/\/interior360.io\/wp-content\/uploads\/2024\/07\/C1_kitchen-amp-living-area-1-e1721894509254.png\" class=\"attachment-full size-full wp-post-image\" alt=\"\" srcset=\"https:\/\/interior360.io\/wp-content\/uploads\/2024\/07\/C1_kitchen-amp-living-area-1-e1721894509254.png 1440w, https:\/\/interior360.io\/wp-content\/uploads\/2024\/07\/C1_kitchen-amp-living-area-1-e1721894509254-300x225.png 300w, https:\/\/interior360.io\/wp-content\/uploads\/2024\/07\/C1_kitchen-amp-living-area-1-e1721894509254-1024x768.png 1024w, https:\/\/interior360.io\/wp-content\/uploads\/2024\/07\/C1_kitchen-amp-living-area-1-e1721894509254-768x576.png 768w\" sizes=\"(max-width: 1440px) 100vw, 1440px\" \/>        <\/a>\r\n\t\t            <\/div>\r\n            <div class=\"content\">\r\n\t\t        \t\t<h3 class=\"title\">\r\n            <a href=\"https:\/\/interior360.io\/en\/portfolio_en\/modern-style-in-the-duet-soncni-golovec-residence\/\">Modern Style in the Duet Son\u010dni Golovec Residence<\/a>\r\n        <\/h3>\r\n\t\t        <div class=\"date\">October 17, 2024<\/div>\r\n\t\t            <\/div>\r\n        <\/article>\r\n\t\t        <article class=\"item\">\r\n            <div class=\"thumb\" data-speed=\"0.4\" data-lag=\"0\">\r\n\t\t\t\t\t\t<a href=\"https:\/\/interior360.io\/en\/portfolio_en\/office-in-celje\/\">\r\n\t\t\t<img decoding=\"async\" width=\"1920\" height=\"1440\" src=\"https:\/\/interior360.io\/wp-content\/uploads\/2024\/07\/Delovna-pisarna-1-scaled-e1721637971783.jpeg\" class=\"attachment-full size-full wp-post-image\" alt=\"\" srcset=\"https:\/\/interior360.io\/wp-content\/uploads\/2024\/07\/Delovna-pisarna-1-scaled-e1721637971783.jpeg 1920w, https:\/\/interior360.io\/wp-content\/uploads\/2024\/07\/Delovna-pisarna-1-scaled-e1721637971783-300x225.jpeg 300w, https:\/\/interior360.io\/wp-content\/uploads\/2024\/07\/Delovna-pisarna-1-scaled-e1721637971783-1024x768.jpeg 1024w, https:\/\/interior360.io\/wp-content\/uploads\/2024\/07\/Delovna-pisarna-1-scaled-e1721637971783-768x576.jpeg 768w, https:\/\/interior360.io\/wp-content\/uploads\/2024\/07\/Delovna-pisarna-1-scaled-e1721637971783-1536x1152.jpeg 1536w\" sizes=\"(max-width: 1920px) 100vw, 1920px\" \/>        <\/a>\r\n\t\t            <\/div>\r\n            <div class=\"content\">\r\n\t\t        \t\t<h3 class=\"title\">\r\n            <a href=\"https:\/\/interior360.io\/en\/portfolio_en\/office-in-celje\/\">Office in Celje<\/a>\r\n        <\/h3>\r\n\t\t        <div class=\"date\">October 17, 2024<\/div>\r\n\t\t            <\/div>\r\n        <\/article>\r\n\t\t        <article class=\"item\">\r\n            <div class=\"thumb\" data-speed=\"0.4\" data-lag=\"0\">\r\n\t\t\t\t\t\t<a href=\"https:\/\/interior360.io\/en\/portfolio_en\/modern-style-in-the-bezigrad-residence\/\">\r\n\t\t\t<img loading=\"lazy\" decoding=\"async\" width=\"1280\" height=\"960\" src=\"https:\/\/interior360.io\/wp-content\/uploads\/2024\/07\/SPALNICA-1280x960-1.webp\" class=\"attachment-full size-full wp-post-image\" alt=\"\" srcset=\"https:\/\/interior360.io\/wp-content\/uploads\/2024\/07\/SPALNICA-1280x960-1.webp 1280w, https:\/\/interior360.io\/wp-content\/uploads\/2024\/07\/SPALNICA-1280x960-1-300x225.webp 300w, https:\/\/interior360.io\/wp-content\/uploads\/2024\/07\/SPALNICA-1280x960-1-1024x768.webp 1024w, https:\/\/interior360.io\/wp-content\/uploads\/2024\/07\/SPALNICA-1280x960-1-768x576.webp 768w\" sizes=\"(max-width: 1280px) 100vw, 1280px\" \/>        <\/a>\r\n\t\t            <\/div>\r\n            <div class=\"content\">\r\n\t\t        \t\t<h3 class=\"title\">\r\n            <a href=\"https:\/\/interior360.io\/en\/portfolio_en\/modern-style-in-the-bezigrad-residence\/\">Modern Style in the Be\u017eigrad Residence<\/a>\r\n        <\/h3>\r\n\t\t        <div class=\"date\">October 17, 2024<\/div>\r\n\t\t            <\/div>\r\n        <\/article>\r\n\t\t        <article class=\"item\">\r\n            <div class=\"thumb\" data-speed=\"0.4\" data-lag=\"0\">\r\n\t\t\t\t\t\t<a href=\"https:\/\/interior360.io\/en\/portfolio_en\/minimalistic-design-in-residence-bezigrad\/\">\r\n\t\t\t<img loading=\"lazy\" decoding=\"async\" width=\"960\" height=\"721\" src=\"https:\/\/interior360.io\/wp-content\/uploads\/2024\/07\/Jedilica_1k-1-e1721637882704.jpg\" class=\"attachment-full size-full wp-post-image\" alt=\"\" srcset=\"https:\/\/interior360.io\/wp-content\/uploads\/2024\/07\/Jedilica_1k-1-e1721637882704.jpg 960w, https:\/\/interior360.io\/wp-content\/uploads\/2024\/07\/Jedilica_1k-1-e1721637882704-300x225.jpg 300w, https:\/\/interior360.io\/wp-content\/uploads\/2024\/07\/Jedilica_1k-1-e1721637882704-768x577.jpg 768w\" sizes=\"(max-width: 960px) 100vw, 960px\" \/>        <\/a>\r\n\t\t            <\/div>\r\n            <div class=\"content\">\r\n\t\t        \t\t<h3 class=\"title\">\r\n            <a href=\"https:\/\/interior360.io\/en\/portfolio_en\/minimalistic-design-in-residence-bezigrad\/\">Minimalistic design in residence Be\u017eigrad<\/a>\r\n        <\/h3>\r\n\t\t        <div class=\"date\">October 17, 2024<\/div>\r\n\t\t            <\/div>\r\n        <\/article>\r\n\t\t        <article class=\"item\">\r\n            <div class=\"thumb\" data-speed=\"0.4\" data-lag=\"0\">\r\n\t\t\t\t\t\t<a href=\"https:\/\/interior360.io\/en\/portfolio_en\/scandinavian-approach-in-the-bezigrad-residence\/\">\r\n\t\t\t<img loading=\"lazy\" decoding=\"async\" width=\"1920\" height=\"1440\" src=\"https:\/\/interior360.io\/wp-content\/uploads\/2024\/07\/DS_Bezigrad__Skandinvaski_Render_16-9_002c-1-e1721397826893.png\" class=\"attachment-full size-full wp-post-image\" alt=\"\" srcset=\"https:\/\/interior360.io\/wp-content\/uploads\/2024\/07\/DS_Bezigrad__Skandinvaski_Render_16-9_002c-1-e1721397826893.png 1920w, https:\/\/interior360.io\/wp-content\/uploads\/2024\/07\/DS_Bezigrad__Skandinvaski_Render_16-9_002c-1-e1721397826893-300x225.png 300w, https:\/\/interior360.io\/wp-content\/uploads\/2024\/07\/DS_Bezigrad__Skandinvaski_Render_16-9_002c-1-e1721397826893-1024x768.png 1024w, https:\/\/interior360.io\/wp-content\/uploads\/2024\/07\/DS_Bezigrad__Skandinvaski_Render_16-9_002c-1-e1721397826893-768x576.png 768w, https:\/\/interior360.io\/wp-content\/uploads\/2024\/07\/DS_Bezigrad__Skandinvaski_Render_16-9_002c-1-e1721397826893-1536x1152.png 1536w\" sizes=\"(max-width: 1920px) 100vw, 1920px\" \/>        <\/a>\r\n\t\t            <\/div>\r\n            <div class=\"content\">\r\n\t\t        \t\t<h3 class=\"title\">\r\n            <a href=\"https:\/\/interior360.io\/en\/portfolio_en\/scandinavian-approach-in-the-bezigrad-residence\/\">Scandinavian Approach in the Be\u017eigrad Residence<\/a>\r\n        <\/h3>\r\n\t\t        <div class=\"date\">October 17, 2024<\/div>\r\n\t\t            <\/div>\r\n        <\/article>\r\n\t\t        <article class=\"item\">\r\n            <div class=\"thumb\" data-speed=\"0.4\" data-lag=\"0\">\r\n\t\t\t\t\t\t<a href=\"https:\/\/interior360.io\/en\/portfolio_en\/modern-design-ajdovscina\/\">\r\n\t\t\t<img loading=\"lazy\" decoding=\"async\" width=\"2114\" height=\"1585\" src=\"https:\/\/interior360.io\/wp-content\/uploads\/2024\/07\/CUT-6-e1721638072470.jpeg\" class=\"attachment-full size-full wp-post-image\" alt=\"\" srcset=\"https:\/\/interior360.io\/wp-content\/uploads\/2024\/07\/CUT-6-e1721638072470.jpeg 2114w, https:\/\/interior360.io\/wp-content\/uploads\/2024\/07\/CUT-6-e1721638072470-300x225.jpeg 300w, https:\/\/interior360.io\/wp-content\/uploads\/2024\/07\/CUT-6-e1721638072470-1024x768.jpeg 1024w, https:\/\/interior360.io\/wp-content\/uploads\/2024\/07\/CUT-6-e1721638072470-768x576.jpeg 768w, https:\/\/interior360.io\/wp-content\/uploads\/2024\/07\/CUT-6-e1721638072470-1536x1152.jpeg 1536w, https:\/\/interior360.io\/wp-content\/uploads\/2024\/07\/CUT-6-e1721638072470-2048x1536.jpeg 2048w\" sizes=\"(max-width: 2114px) 100vw, 2114px\" \/>        <\/a>\r\n\t\t            <\/div>\r\n            <div class=\"content\">\r\n\t\t        \t\t<h3 class=\"title\">\r\n            <a href=\"https:\/\/interior360.io\/en\/portfolio_en\/modern-design-ajdovscina\/\">Modern design Ajdov\u0161\u010dina<\/a>\r\n        <\/h3>\r\n\t\t        <div class=\"date\">October 17, 2024<\/div>\r\n\t\t            <\/div>\r\n        <\/article>\r\n\t\t        <article class=\"item\">\r\n            <div class=\"thumb\" data-speed=\"0.4\" data-lag=\"0\">\r\n\t\t\t\t\t\t<a href=\"https:\/\/interior360.io\/en\/portfolio_en\/minimalistic-design-ajdovscina\/\">\r\n\t\t\t<img loading=\"lazy\" decoding=\"async\" width=\"960\" height=\"721\" src=\"https:\/\/interior360.io\/wp-content\/uploads\/2024\/07\/Jedilica_1k-1-e1721637882704.jpg\" class=\"attachment-full size-full wp-post-image\" alt=\"\" srcset=\"https:\/\/interior360.io\/wp-content\/uploads\/2024\/07\/Jedilica_1k-1-e1721637882704.jpg 960w, https:\/\/interior360.io\/wp-content\/uploads\/2024\/07\/Jedilica_1k-1-e1721637882704-300x225.jpg 300w, https:\/\/interior360.io\/wp-content\/uploads\/2024\/07\/Jedilica_1k-1-e1721637882704-768x577.jpg 768w\" sizes=\"(max-width: 960px) 100vw, 960px\" \/>        <\/a>\r\n\t\t            <\/div>\r\n            <div class=\"content\">\r\n\t\t        \t\t<h3 class=\"title\">\r\n            <a href=\"https:\/\/interior360.io\/en\/portfolio_en\/minimalistic-design-ajdovscina\/\">Minimalistic design Ajdov\u0161\u010dina<\/a>\r\n        <\/h3>\r\n\t\t        <div class=\"date\">October 17, 2024<\/div>\r\n\t\t            <\/div>\r\n        <\/article>\r\n\t\t        <article class=\"item\">\r\n            <div class=\"thumb\" data-speed=\"0.4\" data-lag=\"0\">\r\n\t\t\t\t\t\t<a href=\"https:\/\/interior360.io\/en\/portfolio_en\/from-visualization-to-the-realization-of-a-model-apartment\/\">\r\n\t\t\t<img loading=\"lazy\" decoding=\"async\" width=\"1920\" height=\"1280\" src=\"https:\/\/interior360.io\/wp-content\/uploads\/2024\/02\/thumbnail_DSC00744-HDR-4-1.jpg\" class=\"attachment-full size-full wp-post-image\" alt=\"\" srcset=\"https:\/\/interior360.io\/wp-content\/uploads\/2024\/02\/thumbnail_DSC00744-HDR-4-1.jpg 1920w, https:\/\/interior360.io\/wp-content\/uploads\/2024\/02\/thumbnail_DSC00744-HDR-4-1-300x200.jpg 300w, https:\/\/interior360.io\/wp-content\/uploads\/2024\/02\/thumbnail_DSC00744-HDR-4-1-1024x683.jpg 1024w, https:\/\/interior360.io\/wp-content\/uploads\/2024\/02\/thumbnail_DSC00744-HDR-4-1-768x512.jpg 768w, https:\/\/interior360.io\/wp-content\/uploads\/2024\/02\/thumbnail_DSC00744-HDR-4-1-1536x1024.jpg 1536w\" sizes=\"(max-width: 1920px) 100vw, 1920px\" \/>        <\/a>\r\n\t\t            <\/div>\r\n            <div class=\"content\">\r\n\t\t        \t\t<h3 class=\"title\">\r\n            <a href=\"https:\/\/interior360.io\/en\/portfolio_en\/from-visualization-to-the-realization-of-a-model-apartment\/\">From visualization to the realization of a model apartment<\/a>\r\n        <\/h3>\r\n\t\t        <div class=\"date\">October 17, 2024<\/div>\r\n\t\t            <\/div>\r\n        <\/article>\r\n\t\t            <\/div>\r\n        <\/div>\r\n\t\t\t\t<\/div>\n\t\t\t\t<\/div>\n\t\t\t\t<\/div>\n\t\t\t\t\t<\/div>\n\t\t\t\t<\/div>\n\t\t<div class=\"elementor-element elementor-element-ba0c99f elementor-hidden-widescreen elementor-hidden-desktop elementor-hidden-laptop elementor-hidden-tablet_extra elementor-hidden-tablet e-flex e-con-boxed e-con e-parent\" data-id=\"ba0c99f\" data-element_type=\"container\" data-settings=\"{&quot;wcf_enable_cursor_hover_effect_text&quot;:&quot;View&quot;,&quot;wcf-animation&quot;:&quot;none&quot;,&quot;wcf_pin_breakpoint&quot;:&quot;mobile&quot;}\">\n\t\t\t\t\t<div class=\"e-con-inner\">\n\t\t<div class=\"elementor-element elementor-element-998e7e8 e-con-full e-flex e-con e-child\" data-id=\"998e7e8\" data-element_type=\"container\" data-settings=\"{&quot;wcf_enable_cursor_hover_effect_text&quot;:&quot;View&quot;,&quot;wcf-animation&quot;:&quot;none&quot;,&quot;wcf_pin_breakpoint&quot;:&quot;mobile&quot;}\">\n\t\t\t\t<div class=\"elementor-element elementor-element-60b327e wcf-t-animation-char elementor-widget elementor-widget-wcf--title\" data-id=\"60b327e\" data-element_type=\"widget\" data-settings=\"{&quot;wcf_text_animation&quot;:&quot;char&quot;,&quot;text_delay&quot;:0.7,&quot;text_stagger&quot;:0.05,&quot;text_translate_x&quot;:50,&quot;text_translate_y&quot;:0,&quot;wcf-animation&quot;:&quot;none&quot;}\" data-widget_type=\"wcf--title.default\">\n\t\t\t\t<div class=\"elementor-widget-container\">\n\t\t\t<h1 class=\"wcf--title\">Our newest projects<\/h1>\t\t<\/div>\n\t\t\t\t<\/div>\n\t\t\t\t<div class=\"elementor-element elementor-element-d33db3e portfolio_v1 custom-portfolio-title elementor-widget elementor-widget-wcf--a-portfolio\" data-id=\"d33db3e\" data-element_type=\"widget\" data-settings=\"{&quot;wcf_enable_cursor_hover_effect&quot;:&quot;yes&quot;,&quot;wcf_enable_cursor_hover_effect_editor&quot;:&quot;yes&quot;,&quot;wcf_enable_cursor_hover_effect_text&quot;:&quot;Look atj &lt;br&gt; the project&quot;,&quot;wcf-animation&quot;:&quot;none&quot;}\" data-widget_type=\"wcf--a-portfolio.skin-portfolio-five\">\n\t\t\t\t<div class=\"elementor-widget-container\">\n\t\t\t        <div class=\"wcf--advance-portfolio skin-portfolio-five\" data-animation-settings=\"{&quot;enable&quot;:&quot;&quot;,&quot;skin&quot;:&quot;skin-portfolio-five&quot;}\">\r\n            <div class=\"posts-list\">\r\n\t\t\t\t        <article class=\"item\">\r\n            <div class=\"thumb\">\r\n\t\t\t\t\t\t<a href=\"https:\/\/interior360.io\/en\/portfolio_en\/minimalist-style-in-the-duet-soncni-golovec-residence\/\">\r\n\t\t\t<img loading=\"lazy\" decoding=\"async\" width=\"800\" height=\"600\" src=\"https:\/\/interior360.io\/wp-content\/uploads\/2024\/07\/E2_livingroom-1-e1721638108596-1024x768.png\" class=\"attachment-large size-large wp-post-image\" alt=\"\" srcset=\"https:\/\/interior360.io\/wp-content\/uploads\/2024\/07\/E2_livingroom-1-e1721638108596-1024x768.png 1024w, https:\/\/interior360.io\/wp-content\/uploads\/2024\/07\/E2_livingroom-1-e1721638108596-300x225.png 300w, https:\/\/interior360.io\/wp-content\/uploads\/2024\/07\/E2_livingroom-1-e1721638108596-768x576.png 768w, https:\/\/interior360.io\/wp-content\/uploads\/2024\/07\/E2_livingroom-1-e1721638108596.png 1440w\" sizes=\"(max-width: 800px) 100vw, 800px\" \/>        <\/a>\r\n\t\t            <\/div>\r\n            <div class=\"content\">\r\n\t\t        \t\t<h3 class=\"title\">\r\n            <a href=\"https:\/\/interior360.io\/en\/portfolio_en\/minimalist-style-in-the-duet-soncni-golovec-residence\/\">Minimalist Style in the Duet Son\u010dni Golovec Residence<\/a>\r\n        <\/h3>\r\n\t\t                <div class=\"meta\">\r\n                        <div class=\"date\">October 17, 2024<\/div>\r\n\t\t                <\/div>\r\n            <\/div>\r\n        <\/article>\r\n\t\t        <article class=\"item\">\r\n            <div class=\"thumb\">\r\n\t\t\t\t\t\t<a href=\"https:\/\/interior360.io\/en\/portfolio_en\/modern-style-in-the-duet-soncni-golovec-residence\/\">\r\n\t\t\t<img loading=\"lazy\" decoding=\"async\" width=\"800\" height=\"600\" src=\"https:\/\/interior360.io\/wp-content\/uploads\/2024\/07\/C1_kitchen-amp-living-area-1-e1721894509254-1024x768.png\" class=\"attachment-large size-large wp-post-image\" alt=\"\" srcset=\"https:\/\/interior360.io\/wp-content\/uploads\/2024\/07\/C1_kitchen-amp-living-area-1-e1721894509254-1024x768.png 1024w, https:\/\/interior360.io\/wp-content\/uploads\/2024\/07\/C1_kitchen-amp-living-area-1-e1721894509254-300x225.png 300w, https:\/\/interior360.io\/wp-content\/uploads\/2024\/07\/C1_kitchen-amp-living-area-1-e1721894509254-768x576.png 768w, https:\/\/interior360.io\/wp-content\/uploads\/2024\/07\/C1_kitchen-amp-living-area-1-e1721894509254.png 1440w\" sizes=\"(max-width: 800px) 100vw, 800px\" \/>        <\/a>\r\n\t\t            <\/div>\r\n            <div class=\"content\">\r\n\t\t        \t\t<h3 class=\"title\">\r\n            <a href=\"https:\/\/interior360.io\/en\/portfolio_en\/modern-style-in-the-duet-soncni-golovec-residence\/\">Modern Style in the Duet Son\u010dni Golovec Residence<\/a>\r\n        <\/h3>\r\n\t\t                <div class=\"meta\">\r\n                        <div class=\"date\">October 17, 2024<\/div>\r\n\t\t                <\/div>\r\n            <\/div>\r\n        <\/article>\r\n\t\t        <article class=\"item\">\r\n            <div class=\"thumb\">\r\n\t\t\t\t\t\t<a href=\"https:\/\/interior360.io\/en\/portfolio_en\/office-in-celje\/\">\r\n\t\t\t<img loading=\"lazy\" decoding=\"async\" width=\"800\" height=\"600\" src=\"https:\/\/interior360.io\/wp-content\/uploads\/2024\/07\/Delovna-pisarna-1-scaled-e1721637971783-1024x768.jpeg\" class=\"attachment-large size-large wp-post-image\" alt=\"\" srcset=\"https:\/\/interior360.io\/wp-content\/uploads\/2024\/07\/Delovna-pisarna-1-scaled-e1721637971783-1024x768.jpeg 1024w, https:\/\/interior360.io\/wp-content\/uploads\/2024\/07\/Delovna-pisarna-1-scaled-e1721637971783-300x225.jpeg 300w, https:\/\/interior360.io\/wp-content\/uploads\/2024\/07\/Delovna-pisarna-1-scaled-e1721637971783-768x576.jpeg 768w, https:\/\/interior360.io\/wp-content\/uploads\/2024\/07\/Delovna-pisarna-1-scaled-e1721637971783-1536x1152.jpeg 1536w, https:\/\/interior360.io\/wp-content\/uploads\/2024\/07\/Delovna-pisarna-1-scaled-e1721637971783.jpeg 1920w\" sizes=\"(max-width: 800px) 100vw, 800px\" \/>        <\/a>\r\n\t\t            <\/div>\r\n            <div class=\"content\">\r\n\t\t        \t\t<h3 class=\"title\">\r\n            <a href=\"https:\/\/interior360.io\/en\/portfolio_en\/office-in-celje\/\">Office in Celje<\/a>\r\n        <\/h3>\r\n\t\t                <div class=\"meta\">\r\n                        <div class=\"date\">October 17, 2024<\/div>\r\n\t\t                <\/div>\r\n            <\/div>\r\n        <\/article>\r\n\t\t        <article class=\"item\">\r\n            <div class=\"thumb\">\r\n\t\t\t\t\t\t<a href=\"https:\/\/interior360.io\/en\/portfolio_en\/modern-style-in-the-bezigrad-residence\/\">\r\n\t\t\t<img loading=\"lazy\" decoding=\"async\" width=\"800\" height=\"600\" src=\"https:\/\/interior360.io\/wp-content\/uploads\/2024\/07\/SPALNICA-1280x960-1-1024x768.webp\" class=\"attachment-large size-large wp-post-image\" alt=\"\" srcset=\"https:\/\/interior360.io\/wp-content\/uploads\/2024\/07\/SPALNICA-1280x960-1-1024x768.webp 1024w, https:\/\/interior360.io\/wp-content\/uploads\/2024\/07\/SPALNICA-1280x960-1-300x225.webp 300w, https:\/\/interior360.io\/wp-content\/uploads\/2024\/07\/SPALNICA-1280x960-1-768x576.webp 768w, https:\/\/interior360.io\/wp-content\/uploads\/2024\/07\/SPALNICA-1280x960-1.webp 1280w\" sizes=\"(max-width: 800px) 100vw, 800px\" \/>        <\/a>\r\n\t\t            <\/div>\r\n            <div class=\"content\">\r\n\t\t        \t\t<h3 class=\"title\">\r\n            <a href=\"https:\/\/interior360.io\/en\/portfolio_en\/modern-style-in-the-bezigrad-residence\/\">Modern Style in the Be\u017eigrad Residence<\/a>\r\n        <\/h3>\r\n\t\t                <div class=\"meta\">\r\n                        <div class=\"date\">October 17, 2024<\/div>\r\n\t\t                <\/div>\r\n            <\/div>\r\n        <\/article>\r\n\t\t        <article class=\"item\">\r\n            <div class=\"thumb\">\r\n\t\t\t\t\t\t<a href=\"https:\/\/interior360.io\/en\/portfolio_en\/minimalistic-design-in-residence-bezigrad\/\">\r\n\t\t\t<img loading=\"lazy\" decoding=\"async\" width=\"768\" height=\"1024\" src=\"https:\/\/interior360.io\/wp-content\/uploads\/2024\/07\/Jedilica_1k-1-768x1024.jpg\" class=\"attachment-large size-large wp-post-image\" alt=\"\" \/>        <\/a>\r\n\t\t            <\/div>\r\n            <div class=\"content\">\r\n\t\t        \t\t<h3 class=\"title\">\r\n            <a href=\"https:\/\/interior360.io\/en\/portfolio_en\/minimalistic-design-in-residence-bezigrad\/\">Minimalistic design in residence Be\u017eigrad<\/a>\r\n        <\/h3>\r\n\t\t                <div class=\"meta\">\r\n                        <div class=\"date\">October 17, 2024<\/div>\r\n\t\t                <\/div>\r\n            <\/div>\r\n        <\/article>\r\n\t\t        <article class=\"item\">\r\n            <div class=\"thumb\">\r\n\t\t\t\t\t\t<a href=\"https:\/\/interior360.io\/en\/portfolio_en\/scandinavian-approach-in-the-bezigrad-residence\/\">\r\n\t\t\t<img loading=\"lazy\" decoding=\"async\" width=\"800\" height=\"600\" src=\"https:\/\/interior360.io\/wp-content\/uploads\/2024\/07\/DS_Bezigrad__Skandinvaski_Render_16-9_002c-1-e1721397826893-1024x768.png\" class=\"attachment-large size-large wp-post-image\" alt=\"\" srcset=\"https:\/\/interior360.io\/wp-content\/uploads\/2024\/07\/DS_Bezigrad__Skandinvaski_Render_16-9_002c-1-e1721397826893-1024x768.png 1024w, https:\/\/interior360.io\/wp-content\/uploads\/2024\/07\/DS_Bezigrad__Skandinvaski_Render_16-9_002c-1-e1721397826893-300x225.png 300w, https:\/\/interior360.io\/wp-content\/uploads\/2024\/07\/DS_Bezigrad__Skandinvaski_Render_16-9_002c-1-e1721397826893-768x576.png 768w, https:\/\/interior360.io\/wp-content\/uploads\/2024\/07\/DS_Bezigrad__Skandinvaski_Render_16-9_002c-1-e1721397826893-1536x1152.png 1536w, https:\/\/interior360.io\/wp-content\/uploads\/2024\/07\/DS_Bezigrad__Skandinvaski_Render_16-9_002c-1-e1721397826893.png 1920w\" sizes=\"(max-width: 800px) 100vw, 800px\" \/>        <\/a>\r\n\t\t            <\/div>\r\n            <div class=\"content\">\r\n\t\t        \t\t<h3 class=\"title\">\r\n            <a href=\"https:\/\/interior360.io\/en\/portfolio_en\/scandinavian-approach-in-the-bezigrad-residence\/\">Scandinavian Approach in the Be\u017eigrad Residence<\/a>\r\n        <\/h3>\r\n\t\t                <div class=\"meta\">\r\n                        <div class=\"date\">October 17, 2024<\/div>\r\n\t\t                <\/div>\r\n            <\/div>\r\n        <\/article>\r\n\t\t        <article class=\"item\">\r\n            <div class=\"thumb\">\r\n\t\t\t\t\t\t<a href=\"https:\/\/interior360.io\/en\/portfolio_en\/modern-design-ajdovscina\/\">\r\n\t\t\t<img loading=\"lazy\" decoding=\"async\" width=\"800\" height=\"600\" src=\"https:\/\/interior360.io\/wp-content\/uploads\/2024\/07\/CUT-6-e1721638072470-1024x768.jpeg\" class=\"attachment-large size-large wp-post-image\" alt=\"\" srcset=\"https:\/\/interior360.io\/wp-content\/uploads\/2024\/07\/CUT-6-e1721638072470-1024x768.jpeg 1024w, https:\/\/interior360.io\/wp-content\/uploads\/2024\/07\/CUT-6-e1721638072470-300x225.jpeg 300w, https:\/\/interior360.io\/wp-content\/uploads\/2024\/07\/CUT-6-e1721638072470-768x576.jpeg 768w, https:\/\/interior360.io\/wp-content\/uploads\/2024\/07\/CUT-6-e1721638072470-1536x1152.jpeg 1536w, https:\/\/interior360.io\/wp-content\/uploads\/2024\/07\/CUT-6-e1721638072470-2048x1536.jpeg 2048w\" sizes=\"(max-width: 800px) 100vw, 800px\" \/>        <\/a>\r\n\t\t            <\/div>\r\n            <div class=\"content\">\r\n\t\t        \t\t<h3 class=\"title\">\r\n            <a href=\"https:\/\/interior360.io\/en\/portfolio_en\/modern-design-ajdovscina\/\">Modern design Ajdov\u0161\u010dina<\/a>\r\n        <\/h3>\r\n\t\t                <div class=\"meta\">\r\n                        <div class=\"date\">October 17, 2024<\/div>\r\n\t\t                <\/div>\r\n            <\/div>\r\n        <\/article>\r\n\t\t        <article class=\"item\">\r\n            <div class=\"thumb\">\r\n\t\t\t\t\t\t<a href=\"https:\/\/interior360.io\/en\/portfolio_en\/minimalistic-design-ajdovscina\/\">\r\n\t\t\t<img loading=\"lazy\" decoding=\"async\" width=\"768\" height=\"1024\" src=\"https:\/\/interior360.io\/wp-content\/uploads\/2024\/07\/Jedilica_1k-1-768x1024.jpg\" class=\"attachment-large size-large wp-post-image\" alt=\"\" \/>        <\/a>\r\n\t\t            <\/div>\r\n            <div class=\"content\">\r\n\t\t        \t\t<h3 class=\"title\">\r\n            <a href=\"https:\/\/interior360.io\/en\/portfolio_en\/minimalistic-design-ajdovscina\/\">Minimalistic design Ajdov\u0161\u010dina<\/a>\r\n        <\/h3>\r\n\t\t                <div class=\"meta\">\r\n                        <div class=\"date\">October 17, 2024<\/div>\r\n\t\t                <\/div>\r\n            <\/div>\r\n        <\/article>\r\n\t\t        <article class=\"item\">\r\n            <div class=\"thumb\">\r\n\t\t\t\t\t\t<a href=\"https:\/\/interior360.io\/en\/portfolio_en\/from-visualization-to-the-realization-of-a-model-apartment\/\">\r\n\t\t\t<img loading=\"lazy\" decoding=\"async\" width=\"800\" height=\"534\" src=\"https:\/\/interior360.io\/wp-content\/uploads\/2024\/02\/thumbnail_DSC00744-HDR-4-1-1024x683.jpg\" class=\"attachment-large size-large wp-post-image\" alt=\"\" srcset=\"https:\/\/interior360.io\/wp-content\/uploads\/2024\/02\/thumbnail_DSC00744-HDR-4-1-1024x683.jpg 1024w, https:\/\/interior360.io\/wp-content\/uploads\/2024\/02\/thumbnail_DSC00744-HDR-4-1-300x200.jpg 300w, https:\/\/interior360.io\/wp-content\/uploads\/2024\/02\/thumbnail_DSC00744-HDR-4-1-768x512.jpg 768w, https:\/\/interior360.io\/wp-content\/uploads\/2024\/02\/thumbnail_DSC00744-HDR-4-1-1536x1024.jpg 1536w, https:\/\/interior360.io\/wp-content\/uploads\/2024\/02\/thumbnail_DSC00744-HDR-4-1.jpg 1920w\" sizes=\"(max-width: 800px) 100vw, 800px\" \/>        <\/a>\r\n\t\t            <\/div>\r\n            <div class=\"content\">\r\n\t\t        \t\t<h3 class=\"title\">\r\n            <a href=\"https:\/\/interior360.io\/en\/portfolio_en\/from-visualization-to-the-realization-of-a-model-apartment\/\">From visualization to the realization of a model apartment<\/a>\r\n        <\/h3>\r\n\t\t                <div class=\"meta\">\r\n                        <div class=\"date\">October 17, 2024<\/div>\r\n\t\t                <\/div>\r\n            <\/div>\r\n        <\/article>\r\n\t\t            <\/div>\r\n        <\/div>\r\n\t\t\t\t<\/div>\n\t\t\t\t<\/div>\n\t\t\t\t<\/div>\n\t\t\t\t\t<\/div>\n\t\t\t\t<\/div>\n\t\t<div class=\"elementor-element elementor-element-8868766 e-flex e-con-boxed e-con e-parent\" data-id=\"8868766\" data-element_type=\"container\" data-settings=\"{&quot;background_background&quot;:&quot;classic&quot;,&quot;wcf_enable_cursor_hover_effect_text&quot;:&quot;View&quot;,&quot;wcf-animation&quot;:&quot;none&quot;,&quot;wcf_pin_breakpoint&quot;:&quot;mobile&quot;}\">\n\t\t\t\t\t<div class=\"e-con-inner\">\n\t\t\t\t<div class=\"elementor-element elementor-element-56f8f88 wcf-t-animation-text_move elementor-widget__width-initial elementor-widget-mobile__width-inherit elementor-widget elementor-widget-wcf--title\" data-id=\"56f8f88\" data-element_type=\"widget\" data-settings=\"{&quot;wcf_text_animation&quot;:&quot;text_move&quot;,&quot;text_transform_origin&quot;:&quot;top center -50&quot;,&quot;text_delay&quot;:0.15,&quot;text_stagger&quot;:0.02,&quot;text_on_scroll&quot;:&quot;yes&quot;,&quot;text_rotation_di&quot;:&quot;x&quot;,&quot;text_rotation&quot;:&quot;-80&quot;,&quot;wcf-animation&quot;:&quot;none&quot;}\" data-widget_type=\"wcf--title.default\">\n\t\t\t\t<div class=\"elementor-widget-container\">\n\t\t\t<h3 class=\"wcf--title\">Tell us more about your project<\/h3>\t\t<\/div>\n\t\t\t\t<\/div>\n\t\t\t\t<div class=\"elementor-element elementor-element-413f9d1 elementor-widget elementor-widget-wcf--button\" data-id=\"413f9d1\" data-element_type=\"widget\" data-settings=\"{&quot;wcf-animation&quot;:&quot;fade&quot;,&quot;on-scroll&quot;:&quot;1&quot;,&quot;delay&quot;:0.15,&quot;fade-from&quot;:&quot;top&quot;,&quot;data-duration&quot;:1.5,&quot;ease&quot;:&quot;power2.out&quot;,&quot;fade-offset&quot;:50}\" data-widget_type=\"wcf--button.default\">\n\t\t\t\t<div class=\"elementor-widget-container\">\n\t\t\t        <div class=\"wcf__btn icon-position-after\">\r\n\t\t\t            <div class=\"btn-wrapper\">\r\n\t\t\t\t                <a href=\"https:\/\/interior360.io\/en\/contact\/\" class=\"wcf-btn-circle btn-item btn-hover-bgchange\">\r\n\t\t\t\t\t\t\t\t\t\tContact us                <\/a>\r\n\t\t\t\t            <\/div>\r\n\t\t        <\/div>\r\n\t\t\t\t<\/div>\n\t\t\t\t<\/div>\n\t\t\t\t\t<\/div>\n\t\t\t\t<\/div>\n\t\t\t\t<\/div>\n\t\t","protected":false},"excerpt":{"rendered":"<p>Recent projects Portfolio Browse our references and discover the various interior styles we can offer you. 1 07 Minimalist Style in the Duet Son\u010dni Golovec Residence 17 oktobra, 2024 Modern Style in the Duet Son\u010dni Golovec Residence 17 oktobra, 2024 Office in Celje 17 oktobra, 2024 Modern Style in the Be\u017eigrad Residence 17 oktobra, 2024 [&hellip;]<\/p>\n","protected":false},"author":1,"featured_media":0,"parent":0,"menu_order":0,"comment_status":"closed","ping_status":"closed","template":"elementor_header_footer","meta":{"_acf_changed":false,"footnotes":""},"class_list":["post-18295","page","type-page","status-publish","hentry"],"acf":[],"yoast_head":"<!-- This site is optimized with the Yoast SEO plugin v24.0 - https:\/\/yoast.com\/wordpress\/plugins\/seo\/ -->\n<title>Portfolio - INTERIOR360<\/title>\n<meta name=\"robots\" content=\"index, follow, max-snippet:-1, max-image-preview:large, max-video-preview:-1\" \/>\n<link rel=\"canonical\" href=\"https:\/\/interior360.io\/en\/portfolio-en\/\" \/>\n<meta property=\"og:locale\" content=\"en_US\" \/>\n<meta property=\"og:type\" content=\"article\" \/>\n<meta property=\"og:title\" content=\"Portfolio - INTERIOR360\" \/>\n<meta property=\"og:description\" content=\"Recent projects Portfolio Browse our references and discover the various interior styles we can offer you. 1 07 Minimalist Style in the Duet Son\u010dni Golovec Residence 17 oktobra, 2024 Modern Style in the Duet Son\u010dni Golovec Residence 17 oktobra, 2024 Office in Celje 17 oktobra, 2024 Modern Style in the Be\u017eigrad Residence 17 oktobra, 2024 [&hellip;]\" \/>\n<meta property=\"og:url\" content=\"https:\/\/interior360.io\/en\/portfolio-en\/\" \/>\n<meta property=\"og:site_name\" content=\"INTERIOR360\" \/>\n<meta property=\"article:publisher\" content=\"https:\/\/www.facebook.com\/interior360official\" \/>\n<meta property=\"article:modified_time\" content=\"2024-10-25T10:00:15+00:00\" \/>\n<meta property=\"og:image\" content=\"https:\/\/interior360.io\/wp-content\/uploads\/2024\/07\/E2_livingroom-1-e1721638108596.png\" \/>\n<meta name=\"twitter:card\" content=\"summary_large_image\" \/>\n<meta name=\"twitter:label1\" content=\"Est. reading time\" \/>\n\t<meta name=\"twitter:data1\" content=\"5 minutes\" \/>\n<script type=\"application\/ld+json\" class=\"yoast-schema-graph\">{\"@context\":\"https:\/\/schema.org\",\"@graph\":[{\"@type\":\"WebPage\",\"@id\":\"https:\/\/interior360.io\/en\/portfolio-en\/\",\"url\":\"https:\/\/interior360.io\/en\/portfolio-en\/\",\"name\":\"Portfolio - INTERIOR360\",\"isPartOf\":{\"@id\":\"https:\/\/interior360.io\/en\/#website\"},\"primaryImageOfPage\":{\"@id\":\"https:\/\/interior360.io\/en\/portfolio-en\/#primaryimage\"},\"image\":{\"@id\":\"https:\/\/interior360.io\/en\/portfolio-en\/#primaryimage\"},\"thumbnailUrl\":\"https:\/\/interior360.io\/wp-content\/uploads\/2024\/07\/E2_livingroom-1-e1721638108596.png\",\"datePublished\":\"2024-02-19T12:25:01+00:00\",\"dateModified\":\"2024-10-25T10:00:15+00:00\",\"breadcrumb\":{\"@id\":\"https:\/\/interior360.io\/en\/portfolio-en\/#breadcrumb\"},\"inLanguage\":\"en-US\",\"potentialAction\":[{\"@type\":\"ReadAction\",\"target\":[\"https:\/\/interior360.io\/en\/portfolio-en\/\"]}]},{\"@type\":\"ImageObject\",\"inLanguage\":\"en-US\",\"@id\":\"https:\/\/interior360.io\/en\/portfolio-en\/#primaryimage\",\"url\":\"https:\/\/interior360.io\/wp-content\/uploads\/2024\/07\/E2_livingroom-1-e1721638108596.png\",\"contentUrl\":\"https:\/\/interior360.io\/wp-content\/uploads\/2024\/07\/E2_livingroom-1-e1721638108596.png\"},{\"@type\":\"BreadcrumbList\",\"@id\":\"https:\/\/interior360.io\/en\/portfolio-en\/#breadcrumb\",\"itemListElement\":[{\"@type\":\"ListItem\",\"position\":1,\"name\":\"Home\",\"item\":\"https:\/\/interior360.io\/en\/\"},{\"@type\":\"ListItem\",\"position\":2,\"name\":\"Portfolio\"}]},{\"@type\":\"WebSite\",\"@id\":\"https:\/\/interior360.io\/en\/#website\",\"url\":\"https:\/\/interior360.io\/en\/\",\"name\":\"INTERIOR360\",\"description\":\"\",\"publisher\":{\"@id\":\"https:\/\/interior360.io\/en\/#organization\"},\"potentialAction\":[{\"@type\":\"SearchAction\",\"target\":{\"@type\":\"EntryPoint\",\"urlTemplate\":\"https:\/\/interior360.io\/en\/?s={search_term_string}\"},\"query-input\":{\"@type\":\"PropertyValueSpecification\",\"valueRequired\":true,\"valueName\":\"search_term_string\"}}],\"inLanguage\":\"en-US\"},{\"@type\":\"Organization\",\"@id\":\"https:\/\/interior360.io\/en\/#organization\",\"name\":\"INTERIOR360\",\"url\":\"https:\/\/interior360.io\/en\/\",\"logo\":{\"@type\":\"ImageObject\",\"inLanguage\":\"en-US\",\"@id\":\"https:\/\/interior360.io\/en\/#\/schema\/logo\/image\/\",\"url\":\"https:\/\/interior360.io\/wp-content\/uploads\/2024\/11\/cropped-android-chrome-512x512-1.png\",\"contentUrl\":\"https:\/\/interior360.io\/wp-content\/uploads\/2024\/11\/cropped-android-chrome-512x512-1.png\",\"width\":512,\"height\":512,\"caption\":\"INTERIOR360\"},\"image\":{\"@id\":\"https:\/\/interior360.io\/en\/#\/schema\/logo\/image\/\"},\"sameAs\":[\"https:\/\/www.facebook.com\/interior360official\",\"https:\/\/www.instagram.com\/interior360official\/\"]}]}<\/script>\n<!-- \/ Yoast SEO plugin. -->","yoast_head_json":{"title":"Portfolio - INTERIOR360","robots":{"index":"index","follow":"follow","max-snippet":"max-snippet:-1","max-image-preview":"max-image-preview:large","max-video-preview":"max-video-preview:-1"},"canonical":"https:\/\/interior360.io\/en\/portfolio-en\/","og_locale":"en_US","og_type":"article","og_title":"Portfolio - INTERIOR360","og_description":"Recent projects Portfolio Browse our references and discover the various interior styles we can offer you. 1 07 Minimalist Style in the Duet Son\u010dni Golovec Residence 17 oktobra, 2024 Modern Style in the Duet Son\u010dni Golovec Residence 17 oktobra, 2024 Office in Celje 17 oktobra, 2024 Modern Style in the Be\u017eigrad Residence 17 oktobra, 2024 [&hellip;]","og_url":"https:\/\/interior360.io\/en\/portfolio-en\/","og_site_name":"INTERIOR360","article_publisher":"https:\/\/www.facebook.com\/interior360official","article_modified_time":"2024-10-25T10:00:15+00:00","og_image":[{"url":"https:\/\/interior360.io\/wp-content\/uploads\/2024\/07\/E2_livingroom-1-e1721638108596.png","type":"","width":"","height":""}],"twitter_card":"summary_large_image","twitter_misc":{"Est. reading time":"5 minutes"},"schema":{"@context":"https:\/\/schema.org","@graph":[{"@type":"WebPage","@id":"https:\/\/interior360.io\/en\/portfolio-en\/","url":"https:\/\/interior360.io\/en\/portfolio-en\/","name":"Portfolio - INTERIOR360","isPartOf":{"@id":"https:\/\/interior360.io\/en\/#website"},"primaryImageOfPage":{"@id":"https:\/\/interior360.io\/en\/portfolio-en\/#primaryimage"},"image":{"@id":"https:\/\/interior360.io\/en\/portfolio-en\/#primaryimage"},"thumbnailUrl":"https:\/\/interior360.io\/wp-content\/uploads\/2024\/07\/E2_livingroom-1-e1721638108596.png","datePublished":"2024-02-19T12:25:01+00:00","dateModified":"2024-10-25T10:00:15+00:00","breadcrumb":{"@id":"https:\/\/interior360.io\/en\/portfolio-en\/#breadcrumb"},"inLanguage":"en-US","potentialAction":[{"@type":"ReadAction","target":["https:\/\/interior360.io\/en\/portfolio-en\/"]}]},{"@type":"ImageObject","inLanguage":"en-US","@id":"https:\/\/interior360.io\/en\/portfolio-en\/#primaryimage","url":"https:\/\/interior360.io\/wp-content\/uploads\/2024\/07\/E2_livingroom-1-e1721638108596.png","contentUrl":"https:\/\/interior360.io\/wp-content\/uploads\/2024\/07\/E2_livingroom-1-e1721638108596.png"},{"@type":"BreadcrumbList","@id":"https:\/\/interior360.io\/en\/portfolio-en\/#breadcrumb","itemListElement":[{"@type":"ListItem","position":1,"name":"Home","item":"https:\/\/interior360.io\/en\/"},{"@type":"ListItem","position":2,"name":"Portfolio"}]},{"@type":"WebSite","@id":"https:\/\/interior360.io\/en\/#website","url":"https:\/\/interior360.io\/en\/","name":"INTERIOR360","description":"","publisher":{"@id":"https:\/\/interior360.io\/en\/#organization"},"potentialAction":[{"@type":"SearchAction","target":{"@type":"EntryPoint","urlTemplate":"https:\/\/interior360.io\/en\/?s={search_term_string}"},"query-input":{"@type":"PropertyValueSpecification","valueRequired":true,"valueName":"search_term_string"}}],"inLanguage":"en-US"},{"@type":"Organization","@id":"https:\/\/interior360.io\/en\/#organization","name":"INTERIOR360","url":"https:\/\/interior360.io\/en\/","logo":{"@type":"ImageObject","inLanguage":"en-US","@id":"https:\/\/interior360.io\/en\/#\/schema\/logo\/image\/","url":"https:\/\/interior360.io\/wp-content\/uploads\/2024\/11\/cropped-android-chrome-512x512-1.png","contentUrl":"https:\/\/interior360.io\/wp-content\/uploads\/2024\/11\/cropped-android-chrome-512x512-1.png","width":512,"height":512,"caption":"INTERIOR360"},"image":{"@id":"https:\/\/interior360.io\/en\/#\/schema\/logo\/image\/"},"sameAs":["https:\/\/www.facebook.com\/interior360official","https:\/\/www.instagram.com\/interior360official\/"]}]}},"_links":{"self":[{"href":"https:\/\/interior360.io\/en\/wp-json\/wp\/v2\/pages\/18295","targetHints":{"allow":["GET"]}}],"collection":[{"href":"https:\/\/interior360.io\/en\/wp-json\/wp\/v2\/pages"}],"about":[{"href":"https:\/\/interior360.io\/en\/wp-json\/wp\/v2\/types\/page"}],"author":[{"embeddable":true,"href":"https:\/\/interior360.io\/en\/wp-json\/wp\/v2\/users\/1"}],"replies":[{"embeddable":true,"href":"https:\/\/interior360.io\/en\/wp-json\/wp\/v2\/comments?post=18295"}],"version-history":[{"count":38,"href":"https:\/\/interior360.io\/en\/wp-json\/wp\/v2\/pages\/18295\/revisions"}],"predecessor-version":[{"id":18792,"href":"https:\/\/interior360.io\/en\/wp-json\/wp\/v2\/pages\/18295\/revisions\/18792"}],"wp:attachment":[{"href":"https:\/\/interior360.io\/en\/wp-json\/wp\/v2\/media?parent=18295"}],"curies":[{"name":"wp","href":"https:\/\/api.w.org\/{rel}","templated":true}]}}